{"id":252,"date":"2018-01-24T19:57:18","date_gmt":"2018-01-24T19:57:18","guid":{"rendered":"https:\/\/aafp.cl\/manejatufuturo\/signflow\/?page_id=252"},"modified":"2023-06-07T13:50:33","modified_gmt":"2023-06-07T17:50:33","slug":"home-cooworking-2","status":"publish","type":"page","link":"https:\/\/aafp.cl\/manejatufuturo\/","title":{"rendered":"Inicio"},"content":{"rendered":"<p>{\u00abmain-title\u00bb:{\u00abcomponent\u00bb:\u00bbhc_title\u00bb,\u00bbid\u00bb:\u00bbmain-title\u00bb,\u00bbtitle\u00bb:\u00bbHome cooworking\u00bb,\u00bbsubtitle\u00bb:\u00bb\u00bb,\u00bbtitle_content\u00bb:{\u00abcomponent\u00bb:\u00bbhc_title_empty\u00bb,\u00bbid\u00bb:\u00bbtitle-empty\u00bb}},\u00bbsection_Ou1eM\u00bb:{\u00abcomponent\u00bb:\u00bbhc_section\u00bb,\u00bbid\u00bb:\u00bbsection_Ou1eM\u00bb,\u00bbsection_width\u00bb:\u00bb\u00bb,\u00bbanimation\u00bb:\u00bb\u00bb,\u00bbanimation_time\u00bb:\u00bb\u00bb,\u00bbtimeline_animation\u00bb:\u00bb\u00bb,\u00bbtimeline_delay\u00bb:\u00bb\u00bb,\u00bbtimeline_order\u00bb:\u00bb\u00bb,\u00bbvertical_row\u00bb:\u00bb\u00bb,\u00bbbox_middle\u00bb:\u00bb\u00bb,\u00bbcss_classes\u00bb:\u00bb\u00bb,\u00bbcustom_css_classes\u00bb:\u00bbborder-bottom\u00bb,\u00bbcustom_css_styles\u00bb:\u00bb\u00bb,\u00bbsection_content\u00bb:[{\u00abcomponent\u00bb:\u00bbhc_column\u00bb,\u00bbid\u00bb:\u00bbcolumn_GkpXP\u00bb,\u00bbcolumn_width\u00bb:\u00bbcol-md-6&#8243;,\u00bbanimation\u00bb:\u00bb\u00bb,\u00bbanimation_time\u00bb:\u00bb\u00bb,\u00bbtimeline_animation\u00bb:\u00bb\u00bb,\u00bbtimeline_delay\u00bb:\u00bb\u00bb,\u00bbtimeline_order\u00bb:\u00bb\u00bb,\u00bbcss_classes\u00bb:\u00bb\u00bb,\u00bbcustom_css_classes\u00bb:\u00bb\u00bb,\u00bbcustom_css_styles\u00bb:\u00bb\u00bb,\u00bbmain_content\u00bb:[{\u00abcomponent\u00bb:\u00bbhc_title_tag\u00bb,\u00bbid\u00bb:\u00bb1ZUYv\u00bb,\u00bbcss_classes\u00bb:\u00bb\u00bb,\u00bbcustom_css_classes\u00bb:\u00bb\u00bb,\u00bbcustom_css_styles\u00bb:\u00bb\u00bb,\u00bbtext\u00bb:\u00bb\u00bfSab\u00edas que si trabajas a trav\u00e9s de una APP debes estar contratado?\u00bb,\u00bbtag\u00bb:\u00bbh1&#8243;},{\u00abcomponent\u00bb:\u00bbhc_text_block\u00bb,\u00bbid\u00bb:\u00bbh69si\u00bb,\u00bbcss_classes\u00bb:\u00bb\u00bb,\u00bbcustom_css_classes\u00bb:\u00bb\u00bb,\u00bbcustom_css_styles\u00bb:\u00bb\u00bb,\u00bbcontent\u00bb:\u00bbManeja Tu Futuro est\u00e1 dirigida a todos los trabajadores de plataformas digitales y cuenta con un podcast en el que podr\u00e1s escuchar toda la informaci\u00f3n que necesitas acerca de la Ley de Contrataci\u00f3n de Plataformas Digitales que comienza en septiembre y los beneficios de cotizar para Seguridad Social.\u00bb},{\u00abcomponent\u00bb:\u00bbhc_space\u00bb,\u00bbid\u00bb:\u00bbWgEDn\u00bb,\u00bbcss_classes\u00bb:\u00bb\u00bb,\u00bbcustom_css_classes\u00bb:\u00bb\u00bb,\u00bbcustom_css_styles\u00bb:\u00bb\u00bb,\u00bbsize\u00bb:\u00bbm\u00bb,\u00bbheight\u00bb:\u00bb\u00bb}]},{\u00abcomponent\u00bb:\u00bbhc_column\u00bb,\u00bbid\u00bb:\u00bbcolumn_YkYUC\u00bb,\u00bbcolumn_width\u00bb:\u00bbcol-md-6&#8243;,\u00bbanimation\u00bb:\u00bb\u00bb,\u00bbanimation_time\u00bb:\u00bb\u00bb,\u00bbtimeline_animation\u00bb:\u00bb\u00bb,\u00bbtimeline_delay\u00bb:\u00bb\u00bb,\u00bbtimeline_order\u00bb:\u00bb\u00bb,\u00bbcss_classes\u00bb:\u00bb\u00bb,\u00bbcustom_css_classes\u00bb:\u00bb\u00bb,\u00bbcustom_css_styles\u00bb:\u00bb\u00bb,\u00bbmain_content\u00bb:[{\u00abcomponent\u00bb:\u00bbhc_image\u00bb,\u00bbid\u00bb:\u00bbVfBP5&#8243;,\u00bbcss_classes\u00bb:\u00bb\u00bb,\u00bbcustom_css_classes\u00bb:\u00bb\u00bb,\u00bbcustom_css_styles\u00bb:\u00bb\u00bb,\u00bbimage\u00bb:\u00bbhttps:\/\/aafp.cl\/manejatufuturo\/wp-content\/uploads\/2022\/08\/shopper-w-1.svg|0|0|999956125&#8243;,\u00bbalt\u00bb:\u00bb\u00bb,\u00bbthumb_size\u00bb:\u00bblarge\u00bb}]}],\u00bbsection_settings\u00bb:{\u00abcomponent\u00bb:\u00bbhc_section_image\u00bb,\u00bbid\u00bb:\u00bbsection-image\u00bb,\u00bbimage\u00bb:\u00bbhttps:\/\/aafp.cl\/manejatufuturo\/wp-content\/uploads\/2018\/01\/bg-image-white-1024&#215;507.png|950|1920|663&#8243;,\u00bbfull_screen\u00bb:false,\u00bbfull_screen_height\u00bb:\u00bb\u00bb,\u00bbparallax\u00bb:false,\u00bbbleed\u00bb:\u00bb\u00bb,\u00bbken_burn\u00bb:\u00bb\u00bb,\u00bbbg_pos\u00bb:\u00bbbg-bottom\u00bb,\u00bboverlay\u00bb:\u00bb\u00bb}},\u00bbwcOOW\u00bb:{\u00abcomponent\u00bb:\u00bbhc_section\u00bb,\u00bbid\u00bb:\u00bbwcOOW\u00bb,\u00bbsection_width\u00bb:\u00bb\u00bb,\u00bbanimation\u00bb:\u00bb\u00bb,\u00bbanimation_time\u00bb:\u00bb\u00bb,\u00bbtimeline_animation\u00bb:\u00bb\u00bb,\u00bbtimeline_delay\u00bb:\u00bb\u00bb,\u00bbtimeline_order\u00bb:\u00bb\u00bb,\u00bbvertical_row\u00bb:\u00bb\u00bb,\u00bbbox_middle\u00bb:\u00bb\u00bb,\u00bbcss_classes\u00bb:\u00bb\u00bb,\u00bbcustom_css_classes\u00bb:\u00bb\u00bb,\u00bbcustom_css_styles\u00bb:\u00bb\u00bb,\u00bbsection_content\u00bb:[{\u00abcomponent\u00bb:\u00bbhc_column\u00bb,\u00bbid\u00bb:\u00bbcolumn_5ZtkF\u00bb,\u00bbcolumn_width\u00bb:\u00bbcol-md-12&#8243;,\u00bbanimation\u00bb:\u00bb\u00bb,\u00bbanimation_time\u00bb:\u00bb\u00bb,\u00bbtimeline_animation\u00bb:\u00bb\u00bb,\u00bbtimeline_delay\u00bb:\u00bb\u00bb,\u00bbtimeline_order\u00bb:\u00bb\u00bb,\u00bbcss_classes\u00bb:\u00bb\u00bb,\u00bbcustom_css_classes\u00bb:\u00bb\u00bb,\u00bbcustom_css_styles\u00bb:\u00bb\u00bb,\u00bbmain_content\u00bb:[{\u00abcomponent\u00bb:\u00bbhc_title_tag\u00bb,\u00bbid\u00bb:\u00bbrlmlU\u00bb,\u00bbcss_classes\u00bb:\u00bb\u00bb,\u00bbcustom_css_classes\u00bb:\u00bb\u00bb,\u00bbcustom_css_styles\u00bb:\u00bb\u00bb,\u00bbtext\u00bb:\u00bbPreguntas Frecuentes\u00bb,\u00bbtag\u00bb:\u00bbh2&#8243;},{\u00abcomponent\u00bb:\u00bbhc_space\u00bb,\u00bbid\u00bb:\u00bbcm0r7&#8243;,\u00bbcss_classes\u00bb:\u00bb\u00bb,\u00bbcustom_css_classes\u00bb:\u00bb\u00bb,\u00bbcustom_css_styles\u00bb:\u00bb\u00bb,\u00bbsize\u00bb:\u00bb\u00bb,\u00bbheight\u00bb:\u00bb\u00bb}]},{\u00abcomponent\u00bb:\u00bbhc_column\u00bb,\u00bbid\u00bb:\u00bbcolumn_fHWUZ\u00bb,\u00bbcolumn_width\u00bb:\u00bbcol-md-3&#8243;,\u00bbanimation\u00bb:\u00bb\u00bb,\u00bbanimation_time\u00bb:\u00bb\u00bb,\u00bbtimeline_animation\u00bb:\u00bb\u00bb,\u00bbtimeline_delay\u00bb:\u00bb\u00bb,\u00bbtimeline_order\u00bb:\u00bb\u00bb,\u00bbcss_classes\u00bb:\u00bb\u00bb,\u00bbcustom_css_classes\u00bb:\u00bb\u00bb,\u00bbcustom_css_styles\u00bb:\u00bb\u00bb,\u00bbmain_content\u00bb:[{\u00abcomponent\u00bb:\u00bbhc_text_block\u00bb,\u00bbid\u00bb:\u00bbkn9oV\u00bb,\u00bbcss_classes\u00bb:\u00bbshadow middle-content \u00ab,\u00bbcustom_css_classes\u00bb:\u00bbcolbg coltext colbg02&#8243;,\u00bbcustom_css_styles\u00bb:\u00bb\u00bb,\u00bbcontent\u00bb:\u00bb<a href=\\\"\/manejatufuturo\/preguntas-y-respuestas\/#enqueconsiste\\\"><\/p>\n<h4>\u00bfEn qu\u00e9 consiste la Ley 21.431?<\/h4>\n<p><\/a>\u00ab}]},{\u00abcomponent\u00bb:\u00bbhc_column\u00bb,\u00bbid\u00bb:\u00bbcolumn_4RQRF\u00bb,\u00bbcolumn_width\u00bb:\u00bbcol-md-3&#8243;,\u00bbanimation\u00bb:\u00bb\u00bb,\u00bbanimation_time\u00bb:\u00bb\u00bb,\u00bbtimeline_animation\u00bb:\u00bb\u00bb,\u00bbtimeline_delay\u00bb:\u00bb\u00bb,\u00bbtimeline_order\u00bb:\u00bb\u00bb,\u00bbcss_classes\u00bb:\u00bb\u00bb,\u00bbcustom_css_classes\u00bb:\u00bb\u00bb,\u00bbcustom_css_styles\u00bb:\u00bb\u00bb,\u00bbmain_content\u00bb:[{\u00abcomponent\u00bb:\u00bbhc_text_block\u00bb,\u00bbid\u00bb:\u00bb9gPRb\u00bb,\u00bbcss_classes\u00bb:\u00bbshadow middle-content \u00ab,\u00bbcustom_css_classes\u00bb:\u00bbcolbg coltext colbg01&#8243;,\u00bbcustom_css_styles\u00bb:\u00bb\u00bb,\u00bbcontent\u00bb:\u00bb<a href=\\\"\/manejatufuturo\/preguntas-y-respuestas\/#ley\\\"><\/p>\n<h4>\u00bfA qui\u00e9n protege esta ley? <\/h4>\n<p><\/a>\u00ab}]},{\u00abcomponent\u00bb:\u00bbhc_column\u00bb,\u00bbid\u00bb:\u00bbcolumn_3eR4n\u00bb,\u00bbcolumn_width\u00bb:\u00bbcol-md-3&#8243;,\u00bbanimation\u00bb:\u00bb\u00bb,\u00bbanimation_time\u00bb:\u00bb\u00bb,\u00bbtimeline_animation\u00bb:\u00bb\u00bb,\u00bbtimeline_delay\u00bb:\u00bb\u00bb,\u00bbtimeline_order\u00bb:\u00bb\u00bb,\u00bbcss_classes\u00bb:\u00bb\u00bb,\u00bbcustom_css_classes\u00bb:\u00bb\u00bb,\u00bbcustom_css_styles\u00bb:\u00bb\u00bb,\u00bbmain_content\u00bb:[{\u00abcomponent\u00bb:\u00bbhc_text_block\u00bb,\u00bbid\u00bb:\u00bbNxR5d\u00bb,\u00bbcss_classes\u00bb:\u00bbshadow middle-content \u00ab,\u00bbcustom_css_classes\u00bb:\u00bbcolbg coltext colbg03&#8243;,\u00bbcustom_css_styles\u00bb:\u00bb\u00bb,\u00bbcontent\u00bb:\u00bb<a href=\\\"\/manejatufuturo\/preguntas-y-respuestas\/#contrato\\\"><\/p>\n<h4>\u00bfQu\u00e9 significa tener un contrato de prestaci\u00f3n de servicios? <\/h4>\n<p><\/a>\u00ab}]},{\u00abcomponent\u00bb:\u00bbhc_column\u00bb,\u00bbid\u00bb:\u00bbcolumn_fAOwm\u00bb,\u00bbcolumn_width\u00bb:\u00bbcol-md-3&#8243;,\u00bbanimation\u00bb:\u00bb\u00bb,\u00bbanimation_time\u00bb:\u00bb\u00bb,\u00bbtimeline_animation\u00bb:\u00bb\u00bb,\u00bbtimeline_delay\u00bb:\u00bb\u00bb,\u00bbtimeline_order\u00bb:\u00bb\u00bb,\u00bbcss_classes\u00bb:\u00bb\u00bb,\u00bbcustom_css_classes\u00bb:\u00bb\u00bb,\u00bbcustom_css_styles\u00bb:\u00bb\u00bb,\u00bbmain_content\u00bb:[{\u00abcomponent\u00bb:\u00bbhc_text_block\u00bb,\u00bbid\u00bb:\u00bbqogwn\u00bb,\u00bbcss_classes\u00bb:\u00bbshadow middle-content \u00ab,\u00bbcustom_css_classes\u00bb:\u00bbcolbg coltext colbg04&#8243;,\u00bbcustom_css_styles\u00bb:\u00bb\u00bb,\u00bbcontent\u00bb:\u00bb<a href=\\\"\/manejatufuturo\/preguntas-y-respuestas\/#boleta\\\"><\/p>\n<h4>\u00bfC\u00f3mo se deben emitir las boletas de honorarios? <\/h4>\n<p><\/a>\u00ab}]}],\u00bbsection_settings\u00bb:{\u00abcomponent\u00bb:\u00bbhc_section_image\u00bb,\u00bbid\u00bb:\u00bbsection-image\u00bb,\u00bbimage\u00bb:\u00bbhttps:\/\/aafp.cl\/manejatufuturo\/wp-content\/uploads\/2022\/08\/fondomaneja-1-1024&#215;576.png|768|1366|999956103&#8243;,\u00bbfull_screen\u00bb:false,\u00bbfull_screen_height\u00bb:\u00bb\u00bb,\u00bbparallax\u00bb:false,\u00bbbleed\u00bb:\u00bb\u00bb,\u00bbken_burn\u00bb:\u00bb\u00bb,\u00bbbg_pos\u00bb:\u00bb\u00bb,\u00bboverlay\u00bb:\u00bb\u00bb}},\u00bbsection_rccJP\u00bb:{\u00abcomponent\u00bb:\u00bbhc_section\u00bb,\u00bbid\u00bb:\u00bbsection_rccJP\u00bb,\u00bbsection_width\u00bb:\u00bb\u00bb,\u00bbanimation\u00bb:\u00bb\u00bb,\u00bbanimation_time\u00bb:\u00bb\u00bb,\u00bbtimeline_animation\u00bb:\u00bb\u00bb,\u00bbtimeline_delay\u00bb:\u00bb\u00bb,\u00bbtimeline_order\u00bb:\u00bb\u00bb,\u00bbvertical_row\u00bb:\u00bb\u00bb,\u00bbbox_middle\u00bb:\u00bb\u00bb,\u00bbcss_classes\u00bb:\u00bb\u00bb,\u00bbcustom_css_classes\u00bb:\u00bb\u00bb,\u00bbcustom_css_styles\u00bb:\u00bb\u00bb,\u00bbsection_content\u00bb:[{\u00abcomponent\u00bb:\u00bbhc_title_tag\u00bb,\u00bbid\u00bb:\u00bb5YEY1&#8243;,\u00bbcss_classes\u00bb:\u00bb\u00bb,\u00bbcustom_css_classes\u00bb:\u00bbtitulomita\u00bb,\u00bbcustom_css_styles\u00bb:\u00bb\u00bb,\u00bbtext\u00bb:\u00bbEscucha el podcast <b>Maneja tu Futuro<\/b>\u00ab,\u00bbtag\u00bb:\u00bbh2&#8243;},{\u00abcomponent\u00bb:\u00bbhc_space\u00bb,\u00bbid\u00bb:\u00bbfbr73&#8243;,\u00bbcss_classes\u00bb:\u00bb\u00bb,\u00bbcustom_css_classes\u00bb:\u00bb\u00bb,\u00bbcustom_css_styles\u00bb:\u00bb\u00bb,\u00bbsize\u00bb:\u00bb\u00bb,\u00bbheight\u00bb:\u00bb\u00bb},{\u00abcomponent\u00bb:\u00bbhc_column\u00bb,\u00bbid\u00bb:\u00bbcolumn_RjwiG\u00bb,\u00bbcolumn_width\u00bb:\u00bbcol-md-4&#8243;,\u00bbanimation\u00bb:\u00bb\u00bb,\u00bbanimation_time\u00bb:\u00bb\u00bb,\u00bbtimeline_animation\u00bb:\u00bb\u00bb,\u00bbtimeline_delay\u00bb:\u00bb\u00bb,\u00bbtimeline_order\u00bb:\u00bb\u00bb,\u00bbcss_classes\u00bb:\u00bb\u00bb,\u00bbcustom_css_classes\u00bb:\u00bb\u00bb,\u00bbcustom_css_styles\u00bb:\u00bb\u00bb,\u00bbmain_content\u00bb:[{\u00abcomponent\u00bb:\u00bbhc_text_block\u00bb,\u00bbid\u00bb:\u00bbkbV9F\u00bb,\u00bbcss_classes\u00bb:\u00bb\u00bb,\u00bbcustom_css_classes\u00bb:\u00bb\u00bb,\u00bbcustom_css_styles\u00bb:\u00bb\u00bb,\u00bbcontent\u00bb:\u00bb<iframe style=\\\"border-radius:12px\\\" src=\\\"https:\/\/open.spotify.com\/embed\/episode\/4R97gfM7tSKhhUYFSMgtPS?utm_source=generator\\\" width=\\\"100%\\\" height=\\\"232\\\" frameBorder=\\\"0\\\" allowfullscreen=\\\"\\\" allow=\\\"autoplay; clipboard-write; encrypted-media; fullscreen; picture-in-picture\\\"><\/iframe>\u00ab}]},{\u00abcomponent\u00bb:\u00bbhc_column\u00bb,\u00bbid\u00bb:\u00bbcolumn_eSmhR\u00bb,\u00bbcolumn_width\u00bb:\u00bbcol-md-4&#8243;,\u00bbanimation\u00bb:\u00bb\u00bb,\u00bbanimation_time\u00bb:\u00bb\u00bb,\u00bbtimeline_animation\u00bb:\u00bb\u00bb,\u00bbtimeline_delay\u00bb:\u00bb\u00bb,\u00bbtimeline_order\u00bb:\u00bb\u00bb,\u00bbcss_classes\u00bb:\u00bb\u00bb,\u00bbcustom_css_classes\u00bb:\u00bb\u00bb,\u00bbcustom_css_styles\u00bb:\u00bb\u00bb,\u00bbmain_content\u00bb:[{\u00abcomponent\u00bb:\u00bbhc_text_block\u00bb,\u00bbid\u00bb:\u00bb1LaAB\u00bb,\u00bbcss_classes\u00bb:\u00bb\u00bb,\u00bbcustom_css_classes\u00bb:\u00bb\u00bb,\u00bbcustom_css_styles\u00bb:\u00bb\u00bb,\u00bbcontent\u00bb:\u00bb<iframe style=\\\"border-radius:12px\\\" src=\\\"https:\/\/open.spotify.com\/embed\/episode\/31to7vpEy3WvO9WubnleYb?utm_source=generator\\\" width=\\\"100%\\\" height=\\\"232\\\" frameBorder=\\\"0\\\" allowfullscreen=\\\"\\\" allow=\\\"autoplay; clipboard-write; encrypted-media; fullscreen; picture-in-picture\\\"><\/iframe>\u00ab}]},{\u00abcomponent\u00bb:\u00bbhc_column\u00bb,\u00bbid\u00bb:\u00bbcolumn_RdoNb\u00bb,\u00bbcolumn_width\u00bb:\u00bbcol-md-4&#8243;,\u00bbanimation\u00bb:\u00bb\u00bb,\u00bbanimation_time\u00bb:\u00bb\u00bb,\u00bbtimeline_animation\u00bb:\u00bb\u00bb,\u00bbtimeline_delay\u00bb:\u00bb\u00bb,\u00bbtimeline_order\u00bb:\u00bb\u00bb,\u00bbcss_classes\u00bb:\u00bb\u00bb,\u00bbcustom_css_classes\u00bb:\u00bb\u00bb,\u00bbcustom_css_styles\u00bb:\u00bb\u00bb,\u00bbmain_content\u00bb:[{\u00abcomponent\u00bb:\u00bbhc_text_block\u00bb,\u00bbid\u00bb:\u00bb5GrjH\u00bb,\u00bbcss_classes\u00bb:\u00bb\u00bb,\u00bbcustom_css_classes\u00bb:\u00bb\u00bb,\u00bbcustom_css_styles\u00bb:\u00bb\u00bb,\u00bbcontent\u00bb:\u00bb<iframe style=\\\"border-radius:12px\\\" src=\\\"https:\/\/open.spotify.com\/embed\/episode\/0cSIHfxmtR2bxSmwRIOzZe?utm_source=generator\\\" width=\\\"100%\\\" height=\\\"232\\\" frameBorder=\\\"0\\\" allowfullscreen=\\\"\\\" allow=\\\"autoplay; clipboard-write; encrypted-media; fullscreen; picture-in-picture\\\"><\/iframe>\u00ab}]}],\u00bbsection_settings\u00bb:\u00bb\u00bb},\u00bbsection_aBjIj\u00bb:{\u00abcomponent\u00bb:\u00bbhc_section\u00bb,\u00bbid\u00bb:\u00bbsection_aBjIj\u00bb,\u00bbsection_width\u00bb:\u00bb\u00bb,\u00bbanimation\u00bb:\u00bb\u00bb,\u00bbanimation_time\u00bb:\u00bb\u00bb,\u00bbtimeline_animation\u00bb:\u00bb\u00bb,\u00bbtimeline_delay\u00bb:\u00bb\u00bb,\u00bbtimeline_order\u00bb:\u00bb\u00bb,\u00bbvertical_row\u00bb:\u00bb\u00bb,\u00bbbox_middle\u00bb:\u00bb\u00bb,\u00bbcss_classes\u00bb:\u00bb\u00bb,\u00bbcustom_css_classes\u00bb:\u00bbborder-bottom\u00bb,\u00bbcustom_css_styles\u00bb:\u00bb\u00bb,\u00bbsection_content\u00bb:[{\u00abcomponent\u00bb:\u00bbhc_column\u00bb,\u00bbid\u00bb:\u00bbcolumn_5hN6c\u00bb,\u00bbcolumn_width\u00bb:\u00bbcol-md-8&#8243;,\u00bbanimation\u00bb:\u00bb\u00bb,\u00bbanimation_time\u00bb:\u00bb\u00bb,\u00bbtimeline_animation\u00bb:\u00bb\u00bb,\u00bbtimeline_delay\u00bb:\u00bb\u00bb,\u00bbtimeline_order\u00bb:\u00bb\u00bb,\u00bbcss_classes\u00bb:\u00bbcol-center text-center \u00ab,\u00bbcustom_css_classes\u00bb:\u00bb\u00bb,\u00bbcustom_css_styles\u00bb:\u00bb\u00bb,\u00bbmain_content\u00bb:[{\u00abcomponent\u00bb:\u00bbhc_title_tag\u00bb,\u00bbid\u00bb:\u00bbhgyM7&#8243;,\u00bbcss_classes\u00bb:\u00bb\u00bb,\u00bbcustom_css_classes\u00bb:\u00bb\u00bb,\u00bbcustom_css_styles\u00bb:\u00bb\u00bb,\u00bbtext\u00bb:\u00bb4 claves sobre la nueva ley de plataformas digitales\u00bb,\u00bbtag\u00bb:\u00bbh2&#8243;}]},{\u00abcomponent\u00bb:\u00bbhc_column\u00bb,\u00bbid\u00bb:\u00bbcolumn_ffOHN\u00bb,\u00bbcolumn_width\u00bb:\u00bbcol-md-12&#8243;,\u00bbanimation\u00bb:\u00bb\u00bb,\u00bbanimation_time\u00bb:\u00bb\u00bb,\u00bbtimeline_animation\u00bb:\u00bb\u00bb,\u00bbtimeline_delay\u00bb:\u00bb\u00bb,\u00bbtimeline_order\u00bb:\u00bb\u00bb,\u00bbcss_classes\u00bb:\u00bb\u00bb,\u00bbcustom_css_classes\u00bb:\u00bb\u00bb,\u00bbcustom_css_styles\u00bb:\u00bb\u00bb,\u00bbmain_content\u00bb:[{\u00abcomponent\u00bb:\u00bbhc_space\u00bb,\u00bbid\u00bb:\u00bbNF7Mp\u00bb,\u00bbcss_classes\u00bb:\u00bb\u00bb,\u00bbcustom_css_classes\u00bb:\u00bb\u00bb,\u00bbcustom_css_styles\u00bb:\u00bb\u00bb,\u00bbsize\u00bb:\u00bb\u00bb,\u00bbheight\u00bb:\u00bb\u00bb},{\u00abcomponent\u00bb:\u00bbhc_grid_list\u00bb,\u00bbid\u00bb:\u00bbALwvr\u00bb,\u00bbcss_classes\u00bb:\u00bb\u00bb,\u00bbcustom_css_classes\u00bb:\u00bb\u00bb,\u00bbcustom_css_styles\u00bb:\u00bb\u00bb,\u00bbtab_index\u00bb:\u00bb1&#8243;,\u00bbimages\u00bb:[],\u00bbcontent\u00bb:[{\u00abcomponent\u00bb:\u00bbhc_column\u00bb,\u00bbid\u00bb:\u00bbcolumn_W9Y90&#8243;,\u00bbcolumn_width\u00bb:\u00bbcol-md-12&#8243;,\u00bbanimation\u00bb:\u00bb\u00bb,\u00bbanimation_time\u00bb:\u00bb\u00bb,\u00bbtimeline_animation\u00bb:\u00bb\u00bb,\u00bbtimeline_delay\u00bb:\u00bb\u00bb,\u00bbtimeline_order\u00bb:\u00bb\u00bb,\u00bbcss_classes\u00bb:\u00bb\u00bb,\u00bbcustom_css_classes\u00bb:\u00bbnumerodesc\u00bb,\u00bbcustom_css_styles\u00bb:\u00bb\u00bb,\u00bbmain_content\u00bb:[{\u00abcomponent\u00bb:\u00bbhc_column\u00bb,\u00bbid\u00bb:\u00bbcolumn_vDqvm\u00bb,\u00bbcolumn_width\u00bb:\u00bbcol-md-3&#8243;,\u00bbanimation\u00bb:\u00bb\u00bb,\u00bbanimation_time\u00bb:\u00bb\u00bb,\u00bbtimeline_animation\u00bb:\u00bb\u00bb,\u00bbtimeline_delay\u00bb:\u00bb\u00bb,\u00bbtimeline_order\u00bb:\u00bb\u00bb,\u00bbcss_classes\u00bb:\u00bb\u00bb,\u00bbcustom_css_classes\u00bb:\u00bbnumero\u00bb,\u00bbcustom_css_styles\u00bb:\u00bb\u00bb,\u00bbmain_content\u00bb:[{\u00abcomponent\u00bb:\u00bbhc_image_box\u00bb,\u00bbid\u00bb:\u00bb8EYBj\u00bb,\u00bbcss_classes\u00bb:\u00bb\u00bb,\u00bbcustom_css_classes\u00bb:\u00bb\u00bb,\u00bbcustom_css_styles\u00bb:\u00bb\u00bb,\u00bbimage\u00bb:\u00bbhttps:\/\/aafp.cl\/manejatufuturo\/wp-content\/uploads\/2022\/08\/Recurso1-1.png|321|242|999955851&#8243;,\u00bblink_type\u00bb:\u00bbclassic\u00bb,\u00bblightbox_animation\u00bb:\u00bb\u00bb,\u00bbcaption\u00bb:\u00bb\u00bb,\u00bbinner_caption\u00bb:false,\u00bbnew_window\u00bb:false,\u00bblink\u00bb:\u00bb\u00bb,\u00bblink_content\u00bb:[],\u00bblightbox_size\u00bb:\u00bb\u00bb,\u00bbscrollbox\u00bb:false,\u00bbicon\u00bb:\u00bb\u00bb,\u00bbstyle\u00bb:\u00bb\u00bb,\u00bbicon_position\u00bb:\u00bb\u00bb,\u00bbimage_animation\u00bb:\u00bb\u00bb,\u00bbicon_animation\u00bb:\u00bb\u00bb,\u00bbthumb_size\u00bb:\u00bblarge\u00bb,\u00bbicon_hidden\u00bb:true,\u00bbimg_box_inner_caption\u00bb:true,\u00bbcaption_img_box\u00bb:\u00bb\u00bb,\u00bbalt\u00bb:\u00bb\u00bb}]},{\u00abcomponent\u00bb:\u00bbhc_column\u00bb,\u00bbid\u00bb:\u00bbcolumn_hUsLs\u00bb,\u00bbcolumn_width\u00bb:\u00bbcol-md-9&#8243;,\u00bbanimation\u00bb:\u00bb\u00bb,\u00bbanimation_time\u00bb:\u00bb\u00bb,\u00bbtimeline_animation\u00bb:\u00bb\u00bb,\u00bbtimeline_delay\u00bb:\u00bb\u00bb,\u00bbtimeline_order\u00bb:\u00bb\u00bb,\u00bbcss_classes\u00bb:\u00bb\u00bb,\u00bbcustom_css_classes\u00bb:\u00bbdescripcion\u00bb,\u00bbcustom_css_styles\u00bb:\u00bb\u00bb,\u00bbmain_content\u00bb:[{\u00abcomponent\u00bb:\u00bbhc_text_block\u00bb,\u00bbid\u00bb:\u00bbnLUwC\u00bb,\u00bbcss_classes\u00bb:\u00bb\u00bb,\u00bbcustom_css_classes\u00bb:\u00bb\u00bb,\u00bbcustom_css_styles\u00bb:\u00bb\u00bb,\u00bbcontent\u00bb:\u00bbEn septiembre entra en vigencia la Ley que reconoce como trabajadores a quienes prestan servicios  en plataformas digitales y regula sus contratos. Esta Ley representa un avance en la protecci\u00f3n laboral de esos trabajadores, as\u00ed como tambi\u00e9n en otorgarles acceso a la Seguridad Social.\u00bb}]}]},{\u00abcomponent\u00bb:\u00bbhc_column\u00bb,\u00bbid\u00bb:\u00bbcolumn_ZLq21&#8243;,\u00bbcolumn_width\u00bb:\u00bbcol-md-12&#8243;,\u00bbanimation\u00bb:\u00bb\u00bb,\u00bbanimation_time\u00bb:\u00bb\u00bb,\u00bbtimeline_animation\u00bb:\u00bb\u00bb,\u00bbtimeline_delay\u00bb:\u00bb\u00bb,\u00bbtimeline_order\u00bb:\u00bb\u00bb,\u00bbcss_classes\u00bb:\u00bb\u00bb,\u00bbcustom_css_classes\u00bb:\u00bbnumerodesc\u00bb,\u00bbcustom_css_styles\u00bb:\u00bb\u00bb,\u00bbmain_content\u00bb:[{\u00abcomponent\u00bb:\u00bbhc_column\u00bb,\u00bbid\u00bb:\u00bbW6RSa\u00bb,\u00bbcolumn_width\u00bb:\u00bbcol-md-3&#8243;,\u00bbanimation\u00bb:\u00bb\u00bb,\u00bbanimation_time\u00bb:\u00bb\u00bb,\u00bbtimeline_animation\u00bb:\u00bb\u00bb,\u00bbtimeline_delay\u00bb:\u00bb\u00bb,\u00bbtimeline_order\u00bb:\u00bb\u00bb,\u00bbcss_classes\u00bb:\u00bb\u00bb,\u00bbcustom_css_classes\u00bb:\u00bbnumero\u00bb,\u00bbcustom_css_styles\u00bb:\u00bb\u00bb,\u00bbmain_content\u00bb:[{\u00abcomponent\u00bb:\u00bbhc_image_box\u00bb,\u00bbid\u00bb:\u00bbU3ZMJ\u00bb,\u00bbcss_classes\u00bb:\u00bb\u00bb,\u00bbcustom_css_classes\u00bb:\u00bb\u00bb,\u00bbcustom_css_styles\u00bb:\u00bb\u00bb,\u00bbimage\u00bb:\u00bbhttps:\/\/aafp.cl\/manejatufuturo\/wp-content\/uploads\/2022\/08\/Recurso2-1.png|321|242|999955852&#8243;,\u00bblink_type\u00bb:\u00bbclassic\u00bb,\u00bblightbox_animation\u00bb:\u00bb\u00bb,\u00bbcaption\u00bb:\u00bb\u00bb,\u00bbinner_caption\u00bb:false,\u00bbnew_window\u00bb:false,\u00bblink\u00bb:\u00bb\u00bb,\u00bblink_content\u00bb:[],\u00bblightbox_size\u00bb:\u00bb\u00bb,\u00bbscrollbox\u00bb:false,\u00bbicon\u00bb:\u00bb\u00bb,\u00bbstyle\u00bb:\u00bb\u00bb,\u00bbicon_position\u00bb:\u00bb\u00bb,\u00bbimage_animation\u00bb:\u00bb\u00bb,\u00bbicon_animation\u00bb:\u00bb\u00bb,\u00bbthumb_size\u00bb:\u00bblarge\u00bb,\u00bbicon_hidden\u00bb:true,\u00bbimg_box_inner_caption\u00bb:true,\u00bbcaption_img_box\u00bb:\u00bb\u00bb,\u00bbalt\u00bb:\u00bb\u00bb}]},{\u00abcomponent\u00bb:\u00bbhc_column\u00bb,\u00bbid\u00bb:\u00bbd6sCG\u00bb,\u00bbcolumn_width\u00bb:\u00bbcol-md-9&#8243;,\u00bbanimation\u00bb:\u00bb\u00bb,\u00bbanimation_time\u00bb:\u00bb\u00bb,\u00bbtimeline_animation\u00bb:\u00bb\u00bb,\u00bbtimeline_delay\u00bb:\u00bb\u00bb,\u00bbtimeline_order\u00bb:\u00bb\u00bb,\u00bbcss_classes\u00bb:\u00bb\u00bb,\u00bbcustom_css_classes\u00bb:\u00bbdescripcion\u00bb,\u00bbcustom_css_styles\u00bb:\u00bb\u00bb,\u00bbmain_content\u00bb:[{\u00abcomponent\u00bb:\u00bbhc_text_block\u00bb,\u00bbid\u00bb:\u00bbSvEGV\u00bb,\u00bbcss_classes\u00bb:\u00bb\u00bb,\u00bbcustom_css_classes\u00bb:\u00bb\u00bb,\u00bbcustom_css_styles\u00bb:\u00bb\u00bb,\u00bbcontent\u00bb:\u00bbCon esta nueva Ley se busca regular la relaci\u00f3n laboral y establecer un Contrato de Trabajo o de prestaci\u00f3n de servicios entre los trabajadores y la plataforma digital, que permitir\u00e1 reglamentar\u00a0 entre otros aspectos: la jornada, el pago y el acceso a la protecci\u00f3n social\u00bb}]}]}],\u00bbicon\u00bb:\u00bb\u00bb,\u00bbcolumn\u00bb:\u00bbcol-md-6&#8243;,\u00bbmobile_column\u00bb:\u00bb\u00bb,\u00bbrow\u00bb:\u00bb\u00bb,\u00bbmargins\u00bb:\u00bb\u00bb,\u00bbthumb_size\u00bb:\u00bblarge\u00bb,\u00bblightbox_size\u00bb:\u00bblarge\u00bb,\u00bbgallery\u00bb:false,\u00bblightbox_animation\u00bb:\u00bb\u00bb,\u00bbhover_animation\u00bb:\u00bb\u00bb,\u00bbicon_animation\u00bb:\u00bb\u00bb,\u00bbicon_position\u00bb:\u00bb\u00bb,\u00bbhide_icon\u00bb:true,\u00bbthumbnail\u00bb:false,\u00bbcss\u00bb:\u00bb\u00bb,\u00bbpagination\u00bb:false,\u00bbpag_items\u00bb:\u00bb\u00bb,\u00bbpag_scroll_top\u00bb:false,\u00bbpag_animation\u00bb:\u00bb\u00bb,\u00bbpag_size\u00bb:\u00bbpagination-sm\u00bb,\u00bbpag_centered\u00bb:false,\u00bbpag_hide_controls\u00bb:true,\u00bbpag_data_options\u00bb:\u00bb\u00bb,\u00bbload_more\u00bb:false,\u00bblm_items\u00bb:\u00bb\u00bb,\u00bblm_lazy\u00bb:false,\u00bblm_button_text\u00bb:\u00bbLoad more\u00bb,\u00bblm_animation\u00bb:\u00bb\u00bb},{\u00abcomponent\u00bb:\u00bbhc_space\u00bb,\u00bbid\u00bb:\u00bb3CsJE\u00bb,\u00bbcss_classes\u00bb:\u00bb\u00bb,\u00bbcustom_css_classes\u00bb:\u00bb\u00bb,\u00bbcustom_css_styles\u00bb:\u00bb\u00bb,\u00bbsize\u00bb:\u00bb\u00bb,\u00bbheight\u00bb:\u00bb\u00bb}]},{\u00abcomponent\u00bb:\u00bbhc_column\u00bb,\u00bbid\u00bb:\u00bbcolumn_m42au\u00bb,\u00bbcolumn_width\u00bb:\u00bbcol-md-12&#8243;,\u00bbanimation\u00bb:\u00bb\u00bb,\u00bbanimation_time\u00bb:\u00bb\u00bb,\u00bbtimeline_animation\u00bb:\u00bb\u00bb,\u00bbtimeline_delay\u00bb:\u00bb\u00bb,\u00bbtimeline_order\u00bb:\u00bb\u00bb,\u00bbcss_classes\u00bb:\u00bb\u00bb,\u00bbcustom_css_classes\u00bb:\u00bb\u00bb,\u00bbcustom_css_styles\u00bb:\u00bb\u00bb,\u00bbmain_content\u00bb:[{\u00abcomponent\u00bb:\u00bbhc_grid_list\u00bb,\u00bbid\u00bb:\u00bbEThE6&#8243;,\u00bbcss_classes\u00bb:\u00bb\u00bb,\u00bbcustom_css_classes\u00bb:\u00bb\u00bb,\u00bbcustom_css_styles\u00bb:\u00bb\u00bb,\u00bbtab_index\u00bb:\u00bb1&#8243;,\u00bbimages\u00bb:[],\u00bbcontent\u00bb:[{\u00abcomponent\u00bb:\u00bbhc_column\u00bb,\u00bbid\u00bb:\u00bbgvyY8&#8243;,\u00bbcolumn_width\u00bb:\u00bbcol-md-12&#8243;,\u00bbanimation\u00bb:\u00bb\u00bb,\u00bbanimation_time\u00bb:\u00bb\u00bb,\u00bbtimeline_animation\u00bb:\u00bb\u00bb,\u00bbtimeline_delay\u00bb:\u00bb\u00bb,\u00bbtimeline_order\u00bb:\u00bb\u00bb,\u00bbcss_classes\u00bb:\u00bb\u00bb,\u00bbcustom_css_classes\u00bb:\u00bbnumerodesc\u00bb,\u00bbcustom_css_styles\u00bb:\u00bb\u00bb,\u00bbmain_content\u00bb:[{\u00abcomponent\u00bb:\u00bbhc_column\u00bb,\u00bbid\u00bb:\u00bb86WJH\u00bb,\u00bbcolumn_width\u00bb:\u00bbcol-md-3&#8243;,\u00bbanimation\u00bb:\u00bb\u00bb,\u00bbanimation_time\u00bb:\u00bb\u00bb,\u00bbtimeline_animation\u00bb:\u00bb\u00bb,\u00bbtimeline_delay\u00bb:\u00bb\u00bb,\u00bbtimeline_order\u00bb:\u00bb\u00bb,\u00bbcss_classes\u00bb:\u00bb\u00bb,\u00bbcustom_css_classes\u00bb:\u00bbnumero\u00bb,\u00bbcustom_css_styles\u00bb:\u00bb\u00bb,\u00bbmain_content\u00bb:[{\u00abcomponent\u00bb:\u00bbhc_image_box\u00bb,\u00bbid\u00bb:\u00bbER4Bj\u00bb,\u00bbcss_classes\u00bb:\u00bb\u00bb,\u00bbcustom_css_classes\u00bb:\u00bb\u00bb,\u00bbcustom_css_styles\u00bb:\u00bb\u00bb,\u00bbimage\u00bb:\u00bbhttps:\/\/aafp.cl\/manejatufuturo\/wp-content\/uploads\/2022\/08\/Recurso3-1.png|321|242|999955853&#8243;,\u00bblink_type\u00bb:\u00bbclassic\u00bb,\u00bblightbox_animation\u00bb:\u00bb\u00bb,\u00bbcaption\u00bb:\u00bb\u00bb,\u00bbinner_caption\u00bb:false,\u00bbnew_window\u00bb:false,\u00bblink\u00bb:\u00bb\u00bb,\u00bblink_content\u00bb:[],\u00bblightbox_size\u00bb:\u00bb\u00bb,\u00bbscrollbox\u00bb:false,\u00bbicon\u00bb:\u00bb\u00bb,\u00bbstyle\u00bb:\u00bb\u00bb,\u00bbicon_position\u00bb:\u00bb\u00bb,\u00bbimage_animation\u00bb:\u00bb\u00bb,\u00bbicon_animation\u00bb:\u00bb\u00bb,\u00bbthumb_size\u00bb:\u00bblarge\u00bb,\u00bbicon_hidden\u00bb:true,\u00bbimg_box_inner_caption\u00bb:true,\u00bbcaption_img_box\u00bb:\u00bb\u00bb,\u00bbalt\u00bb:\u00bb\u00bb}]},{\u00abcomponent\u00bb:\u00bbhc_column\u00bb,\u00bbid\u00bb:\u00bbyJ2DV\u00bb,\u00bbcolumn_width\u00bb:\u00bbcol-md-9&#8243;,\u00bbanimation\u00bb:\u00bb\u00bb,\u00bbanimation_time\u00bb:\u00bb\u00bb,\u00bbtimeline_animation\u00bb:\u00bb\u00bb,\u00bbtimeline_delay\u00bb:\u00bb\u00bb,\u00bbtimeline_order\u00bb:\u00bb\u00bb,\u00bbcss_classes\u00bb:\u00bb\u00bb,\u00bbcustom_css_classes\u00bb:\u00bbdescripcion\u00bb,\u00bbcustom_css_styles\u00bb:\u00bb\u00bb,\u00bbmain_content\u00bb:[{\u00abcomponent\u00bb:\u00bbhc_text_block\u00bb,\u00bbid\u00bb:\u00bbzAzmT\u00bb,\u00bbcss_classes\u00bb:\u00bb\u00bb,\u00bbcustom_css_classes\u00bb:\u00bb\u00bb,\u00bbcustom_css_styles\u00bb:\u00bb\u00bb,\u00bbcontent\u00bb:\u00bbEn el contrato, se establecer\u00e1n las condiciones en las cuales se lleva a cabo un trabajo o se presta un servicio. Los contratos que establece la Ley se pueden clasificar en: dependiente (contrato de trabajo) o independiente (contrato de prestaci\u00f3n de servicios). En este \u00faltimo caso, los trabajadores tendr\u00e1n la obligaci\u00f3n de cotizar para su Seguridad Social en abril.\u00bb}]}]},{\u00abcomponent\u00bb:\u00bbhc_column\u00bb,\u00bbid\u00bb:\u00bb1CcuT\u00bb,\u00bbcolumn_width\u00bb:\u00bbcol-md-12&#8243;,\u00bbanimation\u00bb:\u00bb\u00bb,\u00bbanimation_time\u00bb:\u00bb\u00bb,\u00bbtimeline_animation\u00bb:\u00bb\u00bb,\u00bbtimeline_delay\u00bb:\u00bb\u00bb,\u00bbtimeline_order\u00bb:\u00bb\u00bb,\u00bbcss_classes\u00bb:\u00bb\u00bb,\u00bbcustom_css_classes\u00bb:\u00bbnumerodesc\u00bb,\u00bbcustom_css_styles\u00bb:\u00bb\u00bb,\u00bbmain_content\u00bb:[{\u00abcomponent\u00bb:\u00bbhc_column\u00bb,\u00bbid\u00bb:\u00bbX88Bp\u00bb,\u00bbcolumn_width\u00bb:\u00bbcol-md-3&#8243;,\u00bbanimation\u00bb:\u00bb\u00bb,\u00bbanimation_time\u00bb:\u00bb\u00bb,\u00bbtimeline_animation\u00bb:\u00bb\u00bb,\u00bbtimeline_delay\u00bb:\u00bb\u00bb,\u00bbtimeline_order\u00bb:\u00bb\u00bb,\u00bbcss_classes\u00bb:\u00bb\u00bb,\u00bbcustom_css_classes\u00bb:\u00bbnumero\u00bb,\u00bbcustom_css_styles\u00bb:\u00bb\u00bb,\u00bbmain_content\u00bb:[{\u00abcomponent\u00bb:\u00bbhc_image_box\u00bb,\u00bbid\u00bb:\u00bbUytUM\u00bb,\u00bbcss_classes\u00bb:\u00bb\u00bb,\u00bbcustom_css_classes\u00bb:\u00bb\u00bb,\u00bbcustom_css_styles\u00bb:\u00bb\u00bb,\u00bbimage\u00bb:\u00bbhttps:\/\/aafp.cl\/manejatufuturo\/wp-content\/uploads\/2022\/08\/Recurso4-1.png|321|242|999955854&#8243;,\u00bblink_type\u00bb:\u00bbclassic\u00bb,\u00bblightbox_animation\u00bb:\u00bb\u00bb,\u00bbcaption\u00bb:\u00bb\u00bb,\u00bbinner_caption\u00bb:false,\u00bbnew_window\u00bb:false,\u00bblink\u00bb:\u00bb\u00bb,\u00bblink_content\u00bb:[],\u00bblightbox_size\u00bb:\u00bb\u00bb,\u00bbscrollbox\u00bb:false,\u00bbicon\u00bb:\u00bb\u00bb,\u00bbstyle\u00bb:\u00bb\u00bb,\u00bbicon_position\u00bb:\u00bb\u00bb,\u00bbimage_animation\u00bb:\u00bb\u00bb,\u00bbicon_animation\u00bb:\u00bb\u00bb,\u00bbthumb_size\u00bb:\u00bblarge\u00bb,\u00bbicon_hidden\u00bb:true,\u00bbimg_box_inner_caption\u00bb:true,\u00bbcaption_img_box\u00bb:\u00bb\u00bb,\u00bbalt\u00bb:\u00bb\u00bb}]},{\u00abcomponent\u00bb:\u00bbhc_column\u00bb,\u00bbid\u00bb:\u00bbOlIjw\u00bb,\u00bbcolumn_width\u00bb:\u00bbcol-md-9&#8243;,\u00bbanimation\u00bb:\u00bb\u00bb,\u00bbanimation_time\u00bb:\u00bb\u00bb,\u00bbtimeline_animation\u00bb:\u00bb\u00bb,\u00bbtimeline_delay\u00bb:\u00bb\u00bb,\u00bbtimeline_order\u00bb:\u00bb\u00bb,\u00bbcss_classes\u00bb:\u00bb\u00bb,\u00bbcustom_css_classes\u00bb:\u00bbdescripcion\u00bb,\u00bbcustom_css_styles\u00bb:\u00bb\u00bb,\u00bbmain_content\u00bb:[{\u00abcomponent\u00bb:\u00bbhc_text_block\u00bb,\u00bbid\u00bb:\u00bbxn1xI\u00bb,\u00bbcss_classes\u00bb:\u00bb\u00bb,\u00bbcustom_css_classes\u00bb:\u00bb\u00bb,\u00bbcustom_css_styles\u00bb:\u00bb\u00bb,\u00bbcontent\u00bb:\u00bbLa contrataci\u00f3n trae consigo distintos cambios que van a beneficiar al trabajador en la realizaci\u00f3n de su trabajo diario, entre ellos se destaca:\\nLos trabajadores deben ser capacitados en protocolos de seguridad y salud por la empresa.\\n<\/p>\n<ul>\\n<\/p>\n<li>Se les debe proveer elementos de protecci\u00f3n personal a quienes utilicen bicicleta o moto para realizar su trabajo.\\n<\/li>\n<p>\\n<\/p>\n<li>Tienen derecho a contar con un seguro para los bienes personales que sean utilizados para la prestaci\u00f3n de servicios.\\n<\/li>\n<p>\\n<\/p>\n<li>Se puede acreditar ingresos para arrendar una vivienda, acceder a un cr\u00e9dito, entre otros,\u00a0 adem\u00e1s de otorgar protecci\u00f3n ante enfermedad, cesant\u00eda, accidentes laborales, vejez e invalidez.<\/li>\n<p>\\n<\/ul>\n<p>\\n\\n\\n\u00bb}]}]}],\u00bbicon\u00bb:\u00bb\u00bb,\u00bbcolumn\u00bb:\u00bbcol-md-6&#8243;,\u00bbmobile_column\u00bb:\u00bb\u00bb,\u00bbrow\u00bb:\u00bb\u00bb,\u00bbmargins\u00bb:\u00bb\u00bb,\u00bbthumb_size\u00bb:\u00bblarge\u00bb,\u00bblightbox_size\u00bb:\u00bblarge\u00bb,\u00bbgallery\u00bb:false,\u00bblightbox_animation\u00bb:\u00bb\u00bb,\u00bbhover_animation\u00bb:\u00bb\u00bb,\u00bbicon_animation\u00bb:\u00bb\u00bb,\u00bbicon_position\u00bb:\u00bb\u00bb,\u00bbhide_icon\u00bb:true,\u00bbthumbnail\u00bb:false,\u00bbcss\u00bb:\u00bb\u00bb,\u00bbpagination\u00bb:false,\u00bbpag_items\u00bb:\u00bb\u00bb,\u00bbpag_scroll_top\u00bb:false,\u00bbpag_animation\u00bb:\u00bb\u00bb,\u00bbpag_size\u00bb:\u00bbpagination-sm\u00bb,\u00bbpag_centered\u00bb:false,\u00bbpag_hide_controls\u00bb:true,\u00bbpag_data_options\u00bb:\u00bb\u00bb,\u00bbload_more\u00bb:false,\u00bblm_items\u00bb:\u00bb\u00bb,\u00bblm_lazy\u00bb:false,\u00bblm_button_text\u00bb:\u00bbLoad more\u00bb,\u00bblm_animation\u00bb:\u00bb\u00bb}]}],\u00bbsection_settings\u00bb:{\u00abcomponent\u00bb:\u00bbhc_section_image\u00bb,\u00bbid\u00bb:\u00bbsection-image\u00bb,\u00bbimage\u00bb:\u00bbhttp:\/\/themes.framework-y.com\/demo-import\/signflow\/2018\/01\/bg-12-1024&#215;800.png|1500|1920|49&#8243;,\u00bbfull_screen\u00bb:false,\u00bbfull_screen_height\u00bb:\u00bb\u00bb,\u00bbparallax\u00bb:false,\u00bbbleed\u00bb:\u00bb\u00bb,\u00bbken_burn\u00bb:\u00bb\u00bb,\u00bbbg_pos\u00bb:\u00bbbg-top\u00bb,\u00bboverlay\u00bb:\u00bb\u00bb}},\u00bbsection_xGIVn\u00bb:{\u00abcomponent\u00bb:\u00bbhc_section\u00bb,\u00bbid\u00bb:\u00bbsection_xGIVn\u00bb,\u00bbsection_width\u00bb:\u00bb\u00bb,\u00bbanimation\u00bb:\u00bb\u00bb,\u00bbanimation_time\u00bb:\u00bb\u00bb,\u00bbtimeline_animation\u00bb:\u00bb\u00bb,\u00bbtimeline_delay\u00bb:\u00bb\u00bb,\u00bbtimeline_order\u00bb:\u00bb\u00bb,\u00bbvertical_row\u00bb:\u00bb\u00bb,\u00bbbox_middle\u00bb:\u00bb\u00bb,\u00bbcss_classes\u00bb:\u00bb\u00bb,\u00bbcustom_css_classes\u00bb:\u00bbborder-bottom\u00bb,\u00bbcustom_css_styles\u00bb:\u00bb\u00bb,\u00bbsection_content\u00bb:[{\u00abcomponent\u00bb:\u00bbhc_column\u00bb,\u00bbid\u00bb:\u00bbn9FiS\u00bb,\u00bbcolumn_width\u00bb:\u00bbcol-md-6&#8243;,\u00bbanimation\u00bb:\u00bb\u00bb,\u00bbanimation_time\u00bb:\u00bb\u00bb,\u00bbtimeline_animation\u00bb:\u00bb\u00bb,\u00bbtimeline_delay\u00bb:\u00bb\u00bb,\u00bbtimeline_order\u00bb:\u00bb\u00bb,\u00bbcss_classes\u00bb:\u00bb\u00bb,\u00bbcustom_css_classes\u00bb:\u00bb\u00bb,\u00bbcustom_css_styles\u00bb:\u00bb\u00bb,\u00bbmain_content\u00bb:[{\u00abcomponent\u00bb:\u00bbhc_image\u00bb,\u00bbid\u00bb:\u00bbnCXfL\u00bb,\u00bbcss_classes\u00bb:\u00bb\u00bb,\u00bbcustom_css_classes\u00bb:\u00bb\u00bb,\u00bbcustom_css_styles\u00bb:\u00bb\u00bb,\u00bbimage\u00bb:\u00bbhttps:\/\/aafp.cl\/manejatufuturo\/wp-content\/uploads\/2022\/08\/conductor-01-1.svg|0|0|999955856&#8243;,\u00bbalt\u00bb:\u00bb\u00bb,\u00bbthumb_size\u00bb:\u00bblarge\u00bb}]},{\u00abcomponent\u00bb:\u00bbhc_column\u00bb,\u00bbid\u00bb:\u00bb5cGvF\u00bb,\u00bbcolumn_width\u00bb:\u00bbcol-md-6&#8243;,\u00bbanimation\u00bb:\u00bb\u00bb,\u00bbanimation_time\u00bb:\u00bb\u00bb,\u00bbtimeline_animation\u00bb:\u00bb\u00bb,\u00bbtimeline_delay\u00bb:\u00bb\u00bb,\u00bbtimeline_order\u00bb:\u00bb\u00bb,\u00bbcss_classes\u00bb:\u00bb\u00bb,\u00bbcustom_css_classes\u00bb:\u00bb\u00bb,\u00bbcustom_css_styles\u00bb:\u00bb\u00bb,\u00bbmain_content\u00bb:[{\u00abcomponent\u00bb:\u00bbhc_title_tag\u00bb,\u00bbid\u00bb:\u00bbTEBqO\u00bb,\u00bbcss_classes\u00bb:\u00bb\u00bb,\u00bbcustom_css_classes\u00bb:\u00bbtituloch\u00bb,\u00bbcustom_css_styles\u00bb:\u00bb\u00bb,\u00bbtext\u00bb:\u00bb\u00bfC\u00f3mo cotizar siendo un trabajador independiente?\u00bb,\u00bbtag\u00bb:\u00bbh2&#8243;},{\u00abcomponent\u00bb:\u00bbhc_text_block\u00bb,\u00bbid\u00bb:\u00bbjouJ4&#8243;,\u00bbcss_classes\u00bb:\u00bb\u00bb,\u00bbcustom_css_classes\u00bb:\u00bb\u00bb,\u00bbcustom_css_styles\u00bb:\u00bb\u00bb,\u00bbcontent\u00bb:\u00bbQuienes presten servicios de manera independiente, deber\u00e1n emitir boletas de honorarios y cotizar para Seguridad Social en su declaraci\u00f3n anual de impuestos.\\n\u00bb},{\u00abcomponent\u00bb:\u00bbhc_button\u00bb,\u00bbid\u00bb:\u00bbVLvOi\u00bb,\u00bbcss_classes\u00bb:\u00bb\u00bb,\u00bbcustom_css_classes\u00bb:\u00bb\u00bb,\u00bbcustom_css_styles\u00bb:\u00bb\u00bb,\u00bbicon\u00bb:\u00bbfa fa-arrow-circle-right\u00bb,\u00bbstyle\u00bb:\u00bbcircle\u00bb,\u00bbsize\u00bb:\u00bbbtn-sm\u00bb,\u00bbposition\u00bb:\u00bbleft\u00bb,\u00bbanimation\u00bb:false,\u00bbtext\u00bb:\u00bbExplorar\u00bb,\u00bblink_type\u00bb:\u00bbclassic\u00bb,\u00bblightbox_animation\u00bb:\u00bb\u00bb,\u00bbcaption\u00bb:\u00bb\u00bb,\u00bbinner_caption\u00bb:false,\u00bbnew_window\u00bb:false,\u00bblink\u00bb:\u00bbhttps:\/\/aafp.cl\/manejatufuturo\/preguntas-y-respuestas\/#boleta\u00bb,\u00bblink_content\u00bb:[],\u00bblightbox_size\u00bb:\u00bb\u00bb,\u00bbscrollbox\u00bb:false}]}],\u00bbsection_settings\u00bb:{\u00abcomponent\u00bb:\u00bbhc_section_image\u00bb,\u00bbid\u00bb:\u00bbsection-image\u00bb,\u00bbimage\u00bb:\u00bb\u00bb,\u00bbfull_screen\u00bb:false,\u00bbfull_screen_height\u00bb:\u00bb\u00bb,\u00bbparallax\u00bb:false,\u00bbbleed\u00bb:\u00bb\u00bb,\u00bbken_burn\u00bb:\u00bb\u00bb,\u00bbbg_pos\u00bb:\u00bb\u00bb,\u00bboverlay\u00bb:\u00bb\u00bb}},\u00bbsection_LIxvn\u00bb:{\u00abcomponent\u00bb:\u00bbhc_section\u00bb,\u00bbid\u00bb:\u00bbsection_LIxvn\u00bb,\u00bbsection_width\u00bb:\u00bb\u00bb,\u00bbanimation\u00bb:\u00bb\u00bb,\u00bbanimation_time\u00bb:\u00bb\u00bb,\u00bbtimeline_animation\u00bb:\u00bb\u00bb,\u00bbtimeline_delay\u00bb:\u00bb\u00bb,\u00bbtimeline_order\u00bb:\u00bb\u00bb,\u00bbvertical_row\u00bb:\u00bb\u00bb,\u00bbbox_middle\u00bb:\u00bbtrue\u00bb,\u00bbcss_classes\u00bb:\u00bb\u00bb,\u00bbcustom_css_classes\u00bb:\u00bbno-padding-top\u00bb,\u00bbcustom_css_styles\u00bb:\u00bb\u00bb,\u00bbsection_content\u00bb:[{\u00abcomponent\u00bb:\u00bbhc_column\u00bb,\u00bbid\u00bb:\u00bbcolumn_oGXjZ\u00bb,\u00bbcolumn_width\u00bb:\u00bbcol-md-6&#8243;,\u00bbanimation\u00bb:\u00bb\u00bb,\u00bbanimation_time\u00bb:\u00bb\u00bb,\u00bbtimeline_animation\u00bb:\u00bb\u00bb,\u00bbtimeline_delay\u00bb:\u00bb\u00bb,\u00bbtimeline_order\u00bb:\u00bb\u00bb,\u00bbcss_classes\u00bb:\u00bb\u00bb,\u00bbcustom_css_classes\u00bb:\u00bb\u00bb,\u00bbcustom_css_styles\u00bb:\u00bb\u00bb,\u00bbmain_content\u00bb:[{\u00abcomponent\u00bb:\u00bbhc_title_tag\u00bb,\u00bbid\u00bb:\u00bbsb1QD\u00bb,\u00bbcss_classes\u00bb:\u00bb\u00bb,\u00bbcustom_css_classes\u00bb:\u00bbtituloch\u00bb,\u00bbcustom_css_styles\u00bb:\u00bb\u00bb,\u00bbtext\u00bb:\u00bb\u00bfQu\u00e9 es la seguridad social?\u00a0\u00ab,\u00bbtag\u00bb:\u00bbh2&#8243;},{\u00abcomponent\u00bb:\u00bbhc_text_block\u00bb,\u00bbid\u00bb:\u00bbT61vK\u00bb,\u00bbcss_classes\u00bb:\u00bb\u00bb,\u00bbcustom_css_classes\u00bb:\u00bb\u00bb,\u00bbcustom_css_styles\u00bb:\u00bb\u00bb,\u00bbcontent\u00bb:\u00bbEn Chile, la Seguridad Social, protege a los ciudadanos en distintos \u00e1mbitos con el objetivo de aliviar potenciales necesidades econ\u00f3micas a trav\u00e9s de un conjunto de leyes, pol\u00edticas y medidas de protecci\u00f3n social.\u00bb},{\u00abcomponent\u00bb:\u00bbhc_button\u00bb,\u00bbid\u00bb:\u00bba0q6z\u00bb,\u00bbcss_classes\u00bb:\u00bb\u00bb,\u00bbcustom_css_classes\u00bb:\u00bb\u00bb,\u00bbcustom_css_styles\u00bb:\u00bb\u00bb,\u00bbicon\u00bb:\u00bbfa fa-arrow-circle-right\u00bb,\u00bbstyle\u00bb:\u00bbcircle\u00bb,\u00bbsize\u00bb:\u00bbbtn-sm\u00bb,\u00bbposition\u00bb:\u00bbleft\u00bb,\u00bbanimation\u00bb:false,\u00bbtext\u00bb:\u00bbExplorar\u00bb,\u00bblink_type\u00bb:\u00bbclassic\u00bb,\u00bblightbox_animation\u00bb:\u00bb\u00bb,\u00bbcaption\u00bb:\u00bb\u00bb,\u00bbinner_caption\u00bb:false,\u00bbnew_window\u00bb:false,\u00bblink\u00bb:\u00bbhttps:\/\/aafp.cl\/manejatufuturo\/seguridad-social-en-chile\/\u00bb,\u00bblink_content\u00bb:[],\u00bblightbox_size\u00bb:\u00bb\u00bb,\u00bbscrollbox\u00bb:false},{\u00abcomponent\u00bb:\u00bbhc_space\u00bb,\u00bbid\u00bb:\u00bbqxlsE\u00bb,\u00bbcss_classes\u00bb:\u00bb\u00bb,\u00bbcustom_css_classes\u00bb:\u00bb\u00bb,\u00bbcustom_css_styles\u00bb:\u00bb\u00bb,\u00bbsize\u00bb:\u00bbm\u00bb,\u00bbheight\u00bb:\u00bb\u00bb}]},{\u00abcomponent\u00bb:\u00bbhc_column\u00bb,\u00bbid\u00bb:\u00bbcolumn_qzKVF\u00bb,\u00bbcolumn_width\u00bb:\u00bbcol-md-6&#8243;,\u00bbanimation\u00bb:\u00bb\u00bb,\u00bbanimation_time\u00bb:\u00bb\u00bb,\u00bbtimeline_animation\u00bb:\u00bb\u00bb,\u00bbtimeline_delay\u00bb:\u00bb\u00bb,\u00bbtimeline_order\u00bb:\u00bb\u00bb,\u00bbcss_classes\u00bb:\u00bbboxed-inverse \u00ab,\u00bbcustom_css_classes\u00bb:\u00bb\u00bb,\u00bbcustom_css_styles\u00bb:\u00bb\u00bb,\u00bbmain_content\u00bb:[{\u00abcomponent\u00bb:\u00bbhc_image\u00bb,\u00bbid\u00bb:\u00bbRTnA5&#8243;,\u00bbcss_classes\u00bb:\u00bb\u00bb,\u00bbcustom_css_classes\u00bb:\u00bb\u00bb,\u00bbcustom_css_styles\u00bb:\u00bb\u00bb,\u00bbimage\u00bb:\u00bbhttps:\/\/aafp.cl\/manejatufuturo\/wp-content\/uploads\/2022\/08\/moto.svg|0|0|999956121&#8243;,\u00bbalt\u00bb:\u00bb\u00bb,\u00bbthumb_size\u00bb:\u00bblarge\u00bb}]}],\u00bbsection_settings\u00bb:\u00bb\u00bb},\u00bbscripts\u00bb:{\u00ablightbox\u00bb:\u00bbjquery.magnific-popup.min.js\u00bb},\u00bbcss\u00bb:{\u00ablightbox\u00bb:\u00bbscripts\/magnific-popup.css\u00bb},\u00bbcss_page\u00bb:\u00bb\u00bb,\u00bbtemplate_setting\u00bb:{\u00absettings\u00bb:{\u00abid\u00bb:\u00bbsettings\u00bb}},\u00bbtemplate_setting_top\u00bb:{},\u00bbpage_setting\u00bb:{\u00absettings\u00bb:[\u00ablock-mode-off\u00bb]}}<\/p>\n","protected":false},"excerpt":{"rendered":"<p>{\u00abmain-title\u00bb:{\u00abcomponent\u00bb:\u00bbhc_title\u00bb,\u00bbid\u00bb:\u00bbmain-title\u00bb,\u00bbtitle\u00bb:\u00bbHome cooworking\u00bb,\u00bbsubtitle\u00bb:\u00bb\u00bb,\u00bbtitle_content\u00bb:{\u00abcomponent\u00bb:\u00bbhc_title_empty\u00bb,\u00bbid\u00bb:\u00bbtitle-empty\u00bb}},\u00bbsection_Ou1eM\u00bb:{\u00abcomponent\u00bb:\u00bbhc_section\u00bb,\u00bbid\u00bb:\u00bbsection_Ou1eM\u00bb,\u00bbsection_width\u00bb:\u00bb\u00bb,\u00bbanimation\u00bb:\u00bb\u00bb,\u00bbanimation_time\u00bb:\u00bb\u00bb,\u00bbtimeline_animation\u00bb:\u00bb\u00bb,\u00bbtimeline_delay\u00bb:\u00bb\u00bb,\u00bbtimeline_order\u00bb:\u00bb\u00bb,\u00bbvertical_row\u00bb:\u00bb\u00bb,\u00bbbox_middle\u00bb:\u00bb\u00bb,\u00bbcss_classes\u00bb:\u00bb\u00bb,\u00bbcustom_css_classes\u00bb:\u00bbborder-bottom\u00bb,\u00bbcustom_css_styles\u00bb:\u00bb\u00bb,\u00bbsection_content\u00bb:[{\u00abcomponent\u00bb:\u00bbhc_column\u00bb,\u00bbid\u00bb:\u00bbcolumn_GkpXP\u00bb,\u00bbcolumn_width\u00bb:\u00bbcol-md-6&#8243;,\u00bbanimation\u00bb:\u00bb\u00bb,\u00bbanimation_time\u00bb:\u00bb\u00bb,\u00bbtimeline_animation\u00bb:\u00bb\u00bb,\u00bbtimeline_delay\u00bb:\u00bb\u00bb,\u00bbtimeline_order\u00bb:\u00bb\u00bb,\u00bbcss_classes\u00bb:\u00bb\u00bb,\u00bbcustom_css_classes\u00bb:\u00bb\u00bb,\u00bbcustom_css_styles\u00bb:\u00bb\u00bb,\u00bbmain_content\u00bb:[{\u00abcomponent\u00bb:\u00bbhc_title_tag\u00bb,\u00bbid\u00bb:\u00bb1ZUYv\u00bb,\u00bbcss_classes\u00bb:\u00bb\u00bb,\u00bbcustom_css_classes\u00bb:\u00bb\u00bb,\u00bbcustom_css_styles\u00bb:\u00bb\u00bb,\u00bbtext\u00bb:\u00bb\u00bfSab\u00edas que si trabajas a trav\u00e9s de una APP debes estar contratado?\u00bb,\u00bbtag\u00bb:\u00bbh1&#8243;},{\u00abcomponent\u00bb:\u00bbhc_text_block\u00bb,\u00bbid\u00bb:\u00bbh69si\u00bb,\u00bbcss_classes\u00bb:\u00bb\u00bb,\u00bbcustom_css_classes\u00bb:\u00bb\u00bb,\u00bbcustom_css_styles\u00bb:\u00bb\u00bb,\u00bbcontent\u00bb:\u00bbManeja Tu Futuro est\u00e1 dirigida a todos los trabajadores de plataformas digitales y cuenta con un podcast en el que podr\u00e1s escuchar toda la informaci\u00f3n que necesitas acerca de la Ley de Contrataci\u00f3n de Plataformas Digitales que comienza en septiembre y los beneficios [&hellip;]<\/p>\n","protected":false},"author":1,"featured_media":0,"parent":0,"menu_order":0,"comment_status":"closed","ping_status":"closed","template":"","meta":{"inline_featured_image":false,"footnotes":""},"class_list":["post-252","page","type-page","status-publish","hentry"],"_links":{"self":[{"href":"https:\/\/aafp.cl\/manejatufuturo\/wp-json\/wp\/v2\/pages\/252","targetHints":{"allow":["GET"]}}],"collection":[{"href":"https:\/\/aafp.cl\/manejatufuturo\/wp-json\/wp\/v2\/pages"}],"about":[{"href":"https:\/\/aafp.cl\/manejatufuturo\/wp-json\/wp\/v2\/types\/page"}],"author":[{"embeddable":true,"href":"https:\/\/aafp.cl\/manejatufuturo\/wp-json\/wp\/v2\/users\/1"}],"replies":[{"embeddable":true,"href":"https:\/\/aafp.cl\/manejatufuturo\/wp-json\/wp\/v2\/comments?post=252"}],"version-history":[{"count":168,"href":"https:\/\/aafp.cl\/manejatufuturo\/wp-json\/wp\/v2\/pages\/252\/revisions"}],"predecessor-version":[{"id":999956134,"href":"https:\/\/aafp.cl\/manejatufuturo\/wp-json\/wp\/v2\/pages\/252\/revisions\/999956134"}],"wp:attachment":[{"href":"https:\/\/aafp.cl\/manejatufuturo\/wp-json\/wp\/v2\/media?parent=252"}],"curies":[{"name":"wp","href":"https:\/\/api.w.org\/{rel}","templated":true}]}}